{"id":533,"date":"2023-10-26T00:14:24","date_gmt":"2023-10-25T22:14:24","guid":{"rendered":"https:\/\/calendar.wannadance.com\/?post_type=ajde_events&#038;p=533"},"modified":"2025-11-01T13:56:47","modified_gmt":"2025-11-01T12:56:47","slug":"zamunda-festival-ii","status":"publish","type":"ajde_events","link":"https:\/\/calendar.wannadance.com\/index.php\/events\/zamunda-festival-ii\/","title":{"rendered":"ZAMUNDA FESTIVAL II"},"content":{"rendered":"<p>A la Reconqu\u00eate du Royaume.<br \/>\n ( Le Bonheur \u00e0 tes Pieds)<br \/>\nle Pays o\u00f9 tout le monde peut pr\u00e9tendre au Tr\u00f4ne \ud83d\udc51<\/p>\n<p>5 salles et 5 Ambiances <\/p>\n<p> Salle 1= Urban \/Tarraxo\/ Douceur &#8230;<br \/>\nsalle 2 = Kizomba\/Semba \/Ghetto<br \/>\nsalle 3= Bachata<br \/>\nsalle 4 = Salsa<br \/>\nsalle 5 = Ambiance g\u00e9n\u00e9raliste <\/p>\n<p>        \ud83c\udfa7ARTISTES DJS \ud83c\udf9b\ufe0f<\/p>\n<p>\ud83c\udfa7Dj Ralph BB  \ud83c\udde8\ud83c\uddf5<br \/>\n\ud83c\udfa7 Dj Smach \ud83c\udde7\ud83c\uddf8<br \/>\n\ud83c\udfa7 Dj Charley Raymdtc \ud83c\udde9\ud83c\uddea<br \/>\n\ud83c\udfa7 Dj Lowelo \ud83c\udde8\ud83c\uddf5<br \/>\n\ud83c\udfa7 Dj Mwan&#8217;afrika \ud83c\udde8\ud83c\uddf5<br \/>\n\ud83c\udfa7 Dj Ibra \ud83c\uddf8\ud83c\uddf3<br \/>\n\ud83c\udfa7 Dj Boki \ud83c\udde8\ud83c\uddf5<br \/>\n\ud83c\udfa7 Mi-K Deejay \ud83c\udde8\ud83c\uddf5<br \/>\n\ud83c\udfa7 Dj Pascal  \ud83c\udde8\ud83c\uddf5<br \/>\n\ud83c\udfa7 Dj Akym \ud83c\udde8\ud83c\uddf5<br \/>\n\ud83c\udfa7 Djette Kiss \ud83c\udde8\ud83c\uddf5<br \/>\n\ud83c\udfa7 Dj Haemer \ud83c\udde8\ud83c\uddf5<br \/>\n\ud83c\udfa7 Dj Masta Pi \ud83c\udde8\ud83c\uddf5<br \/>\n\ud83c\udfa7 Dj Achil \ud83c\udde8\ud83c\uddf5<br \/>\n\ud83c\udfa7 Dj Miky G \ud83c\udde8\ud83c\uddf5<br \/>\n\ud83c\udfa7 Dj Jeff  \ud83c\udde8\ud83c\uddf5<\/p>\n<p>&#8230;D&#8217;autres \u00e0 venir<br \/>\n&#8230;&#8230;&#8230;&#8230;&#8230;..<br \/>\n        \ud83d\udc51ARTISTES PROFS\ud83d\udc51\ud83d\udc51<br \/>\n_________<br \/>\n\ud83d\udc83\ud83d\udd7aJosu\u00e9 &#038; C\u00e9line<br \/>\n\ud83d\udc83\ud83d\udd7aKarl &#038; Nima<br \/>\n\ud83d\udc83\ud83d\udd7aRvan &#038; Juliette Liquidstyle<br \/>\n\ud83d\udc83\ud83d\udd7aPascal Zokiz &#038; Titiana<br \/>\n\ud83d\udc83\ud83d\udd7a Aad\u00e9<br \/>\n\ud83d\udc83\ud83d\udd7aHugues Obame<br \/>\n\ud83d\udc83\ud83d\udd7a Blackchineese &#038; Simone<br \/>\n\ud83d\udc83\ud83d\udd7a Nayoum KizAfro<br \/>\n\ud83d\udc83\ud83d\udd7aKingpiste Junior<br \/>\n\ud83d\udc83\ud83d\udd7aCarla Benelli<br \/>\n\ud83d\udc83\ud83d\udd7aGadour &#038; Paulina<br \/>\n\ud83d\udc83\ud83d\udd7aAti si<br \/>\n\ud83d\udc83\ud83d\udd7aLolo Waki<br \/>\n\ud83d\udc83\ud83d\udd7aMario Charon<br \/>\n\ud83d\udc83\ud83d\udd7a Adil &#038; Elo<br \/>\n\ud83d\udc83\ud83d\udd7aFredo Fd Dance<br \/>\n\ud83d\udc83\ud83d\udd7a Jeff Testan<br \/>\n\ud83d\udc83\ud83d\udd7aCasitoBachata &#038; Mika<br \/>\n\ud83d\udc83\ud83d\udd7aJeremy &#038; Ysenah<br \/>\n\ud83d\udc83\ud83d\udd7aOscar &#038; Sophia<br \/>\n&#8230;&#8230;&#8230;..Royaume  PHOTOS\/ VIDEOS<br \/>\n\ud83d\udcf8\ud83d\udcfd\ufe0fJays<br \/>\n\ud83d\udcf8\ud83d\udcfd\ufe0fTiguy<br \/>\n\ud83d\udcf8\ud83d\udcfd\ufe0f Ben Cyrille<br \/>\n\ud83d\udcf8\ud83d\udcfd\ufe0f Julien Boudet<br \/>\nRoyaume Restauration<br \/>\n;;;;;;;;;;;;;;;;;;;;;;;;;;;;;;;;;;;;;;;;;;;;<br \/>\nTikaz Lotois<br \/>\nPapanacr\u00eapes<br \/>\n&#8230;&#8230;&#8230;&#8230;&#8230;.???<\/p>\n<p>Billetterie lien :<\/p>\n<p>https:\/\/www.helloasso.com\/associations\/association-zamunda\/evenements\/zamunda-festival-2-1<\/p>\n","protected":false},"author":2,"featured_media":0,"menu_order":0,"comment_status":"open","ping_status":"closed","template":"","meta":[],"tags":[],"event_type":[49],"event_type_2":[59],"class_list":["post-533","ajde_events","type-ajde_events","status-publish","hentry","event_location-vvf-collonges-la-rouge","event_type-bachata","event_type_2-congresses"],"_links":{"self":[{"href":"https:\/\/calendar.wannadance.com\/index.php\/wp-json\/wp\/v2\/ajde_events\/533","targetHints":{"allow":["GET"]}}],"collection":[{"href":"https:\/\/calendar.wannadance.com\/index.php\/wp-json\/wp\/v2\/ajde_events"}],"about":[{"href":"https:\/\/calendar.wannadance.com\/index.php\/wp-json\/wp\/v2\/types\/ajde_events"}],"author":[{"embeddable":true,"href":"https:\/\/calendar.wannadance.com\/index.php\/wp-json\/wp\/v2\/users\/2"}],"replies":[{"embeddable":true,"href":"https:\/\/calendar.wannadance.com\/index.php\/wp-json\/wp\/v2\/comments?post=533"}],"wp:attachment":[{"href":"https:\/\/calendar.wannadance.com\/index.php\/wp-json\/wp\/v2\/media?parent=533"}],"wp:term":[{"taxonomy":"post_tag","embeddable":true,"href":"https:\/\/calendar.wannadance.com\/index.php\/wp-json\/wp\/v2\/tags?post=533"},{"taxonomy":"event_type","embeddable":true,"href":"https:\/\/calendar.wannadance.com\/index.php\/wp-json\/wp\/v2\/event_type?post=533"},{"taxonomy":"event_type_2","embeddable":true,"href":"https:\/\/calendar.wannadance.com\/index.php\/wp-json\/wp\/v2\/event_type_2?post=533"}],"curies":[{"name":"wp","href":"https:\/\/api.w.org\/{rel}","templated":true}]}}