{"id":879,"date":"2024-01-06T20:56:08","date_gmt":"2024-01-06T19:56:08","guid":{"rendered":"https:\/\/calendar.wannadance.com\/?post_type=ajde_events&#038;p=879"},"modified":"2025-11-01T13:57:09","modified_gmt":"2025-11-01T12:57:09","slug":"milenium-dance-festival","status":"publish","type":"ajde_events","link":"https:\/\/calendar.wannadance.com\/index.php\/events\/milenium-dance-festival\/","title":{"rendered":"MILENIUM DANCE FESTIVAL"},"content":{"rendered":"<p>\ufffd Hola amig@s!<\/p>\n<p>Os presentamos la II edici\u00f3n de  V &#038; P fusi\u00f3n !!<br \/>\nMILENIUM DANCE FESTIVAL  \ufffd hecho con mucho cari\u00f1o que ser\u00e1 el 6  y 7 de septiembre 2024 en el  HOTEL NH Collection A coru\u00f1a-finisterre 5* en La Coru\u00f1a &#8211; Galicia  situado \ufffdcalle Pr.Parrote 2-4 15001<\/p>\n<p>Os presentamos nuestros artistas: \ufffd\ufffd <\/p>\n<p> \ufffd  BACHATEROS \ufffd<br \/>\n~ Stephanie Lucero ~ \ufffd<br \/>\n ~ Felipe y Tiago ~ \ufffd \ufffd<br \/>\n ~ Lionel y Debby ~ \ufffd<\/p>\n<p>\ufffd SALSEROS \ufffd<br \/>\n~ Adri\u00e1n y Anita ~ \ufffd \ufffd<br \/>\n~ Pedro Sousa e In\u00e9s Gameiro ~ \ufffd<br \/>\n~ Franco Rocha ~ \ufffd<\/p>\n<p>\ufffd KIZOMBEROS \ufffd<br \/>\n ~ Nuno y Nagyla~ \ufffd \ufffd<br \/>\n~ Jaime y Ant\u00eda ~ \ufffd \ufffd<br \/>\n~ Guiu y Borboleta ~ \ufffd \ufffd<\/p>\n<p>\ufffd  Y nuestro Dj Javi Az\u00facar \ufffd<\/p>\n<p>Contaremos con 1 GRAN SALA para que disfrut\u00e9is de TODOS los talleres y el SOCIAL SBK que disfrutaremos hasta las 5.00 de la ma\u00f1ana  \ufffd\ufffd<\/p>\n<p> \ufffd  FULL PASS 60\u20ac PARA LAS PRIMERAS 100 PERSONAS \ufffd<\/p>\n<p>\ufffd  AFORO LIMITADO <\/p>\n<p>Mas informaci\u00f3n y\/o compra de entrada en el tlf: +34 655639938 y en el +34 611597028 y LA SALSA DEL BAILE  https:\/\/lasalsadelbaile.com\/milenium<br \/>\nCambio de titularidad 5\u20ac gastos de gesti\u00f3n  \ufffd<br \/>\nNO SE HACEN RESERVAS NI DEVOLUCIONES  DE LAS ENTRADAS SALVO POR CANCELACI\u00d3N DEL EVENTO POR FUERZA MAYOR.<br \/>\n\ufffdInstagram: vyp_fusion\ufffd<br \/>\n\ufffdFacebook: V &#038; P fusi\u00f3n\ufffd<\/p>\n<p>#salsa #bachata #kizomba<br \/>\n#salsaybachata #urbankiz<br \/>\n#rolerotation<\/p>\n","protected":false},"author":4,"featured_media":0,"menu_order":0,"comment_status":"open","ping_status":"closed","template":"","meta":[],"tags":[],"event_type":[49],"event_type_2":[59],"class_list":["post-879","ajde_events","type-ajde_events","status-publish","hentry","event_location-a-coruna-espana","event_type-bachata","event_type_2-congresses"],"_links":{"self":[{"href":"https:\/\/calendar.wannadance.com\/index.php\/wp-json\/wp\/v2\/ajde_events\/879","targetHints":{"allow":["GET"]}}],"collection":[{"href":"https:\/\/calendar.wannadance.com\/index.php\/wp-json\/wp\/v2\/ajde_events"}],"about":[{"href":"https:\/\/calendar.wannadance.com\/index.php\/wp-json\/wp\/v2\/types\/ajde_events"}],"author":[{"embeddable":true,"href":"https:\/\/calendar.wannadance.com\/index.php\/wp-json\/wp\/v2\/users\/4"}],"replies":[{"embeddable":true,"href":"https:\/\/calendar.wannadance.com\/index.php\/wp-json\/wp\/v2\/comments?post=879"}],"wp:attachment":[{"href":"https:\/\/calendar.wannadance.com\/index.php\/wp-json\/wp\/v2\/media?parent=879"}],"wp:term":[{"taxonomy":"post_tag","embeddable":true,"href":"https:\/\/calendar.wannadance.com\/index.php\/wp-json\/wp\/v2\/tags?post=879"},{"taxonomy":"event_type","embeddable":true,"href":"https:\/\/calendar.wannadance.com\/index.php\/wp-json\/wp\/v2\/event_type?post=879"},{"taxonomy":"event_type_2","embeddable":true,"href":"https:\/\/calendar.wannadance.com\/index.php\/wp-json\/wp\/v2\/event_type_2?post=879"}],"curies":[{"name":"wp","href":"https:\/\/api.w.org\/{rel}","templated":true}]}}